{"id":5395,"date":"2021-01-29T16:16:12","date_gmt":"2021-01-29T16:16:12","guid":{"rendered":"https:\/\/www.epav.pt\/epav\/?page_id=5395"},"modified":"2025-05-07T08:34:38","modified_gmt":"2025-05-07T08:34:38","slug":"politica-de-privacidade","status":"publish","type":"page","link":"https:\/\/www.epav.pt\/epav\/politica-de-privacidade\/","title":{"rendered":"RGPD"},"content":{"rendered":"\n<p>O <a href=\"https:\/\/eur-lex.europa.eu\/legal-content\/PT\/TXT\/PDF\/?uri=CELEX:32016R0679&amp;from=PT\">Regulamento n\u00ba 2016\/679 do Parlamento Europeu e do Conselho de 27 de abril de 2016,<\/a> denominado por <strong>Regulamento Geral de Prote\u00e7\u00e3o de Dados \u2013 RGPD<\/strong> \u2013 estabelece o regime jur\u00eddico de prote\u00e7\u00e3o de dados de pessoas singulares, no que respeita ao tratamento e livre circula\u00e7\u00e3o dos mesmos. A execu\u00e7\u00e3o do RGPD no ordenamento jur\u00eddico nacional decorre com base na <a href=\"https:\/\/dre.pt\/pesquisa\/-\/search\/123815982\/details\/maximized\">Lei n\u00ba 58\/2019, de 8 de agosto.<\/a><\/p>\n\n\n\n<p>Para efeitos do disposto no Regulamento Geral de Prote\u00e7\u00e3o de Dados em vigor, a <strong>CENINTEL &#8211; Centro de Intelig\u00eancia Formativa, Ensino e Forma\u00e7\u00e3o Profissional, Lda<\/strong>, detentora da <strong>Escola Profissional Alda Brand\u00e3o de Vasconcelos<\/strong>, com NIPC 507261682 e sede na Avenida Dr. Brand\u00e3o de Vasconcelos em Colares, informa todos os titulares dos dados pessoais (Encarregado de Educa\u00e7\u00e3o, Aluno, Docente, N\u00e3o Docente) que a presente pol\u00edtica se destina a cumprir a obriga\u00e7\u00e3o determinada pelo artigo 12.\u00ba do RGPD, garantindo que o titular dos dados seja informado acerca dos seus direitos, de forma concisa, transparente e intelig\u00edvel, numa linguagem clara e acess\u00edvel.<\/p>\n\n\n\n<p><strong>Dados Recolhidos<\/strong><\/p>\n\n\n\n<p>A CENINTEL, recolhe, processa e armazena informaticamente ou em papel os dados pessoais, no \u00e2mbito da sua atividade ou tarefas de presta\u00e7\u00e3o de servi\u00e7o p\u00fablico educativo e no estrito cumprimento da legisla\u00e7\u00e3o em vigor, garantindo a prote\u00e7\u00e3o e privacidade dos mesmos.<\/p>\n\n\n\n<p>Os dados relativos ao agregado familiar dos alunos, historial de avalia\u00e7\u00e3o, assiduidade e problem\u00e1ticas de sa\u00fade s\u00e3o arquivados em papel, no processo individual do aluno, em dossi\u00ea pr\u00f3prio devidamente salvaguardado, acedido apenas pelos orientadores educativos de turma, dire\u00e7\u00e3o ou servi\u00e7os administrativos no estrito cumprimento das suas fun\u00e7\u00f5es. A autoriza\u00e7\u00e3o dos dados pessoais, inclu\u00eddos no Boletim de Matr\u00edcula, para efeitos de eventual ausculta\u00e7\u00e3o no \u00e2mbito de procedimentos de acompanhamento de forma\u00e7\u00e3o e das entidades formadoras, bem como para envio de publicidade sobre futuros cursos de forma\u00e7\u00e3o ou fins estat\u00edsticos no \u00e2mbito das a\u00e7\u00f5es financiadas pelo Estado e Portugu\u00eas e Fundo Social Europeu, nomeadamente identifica\u00e7\u00e3o, endere\u00e7o e contactos, encontram-se dependentes de manifesto consentimento assinalado no referido Boletim.<\/p>\n\n\n\n<p>No que concerne aos dados relativos \u00e0 identifica\u00e7\u00e3o pessoal de docentes, registo biogr\u00e1fico, certificados de forma\u00e7\u00e3o e habilita\u00e7\u00f5es s\u00e3o arquivados em papel, no processo individual do docente, em dossi\u00ea pr\u00f3prio devidamente salvaguardado, acedido apenas pela dire\u00e7\u00e3o ou servi\u00e7os administrativos no estrito cumprimento das suas fun\u00e7\u00f5es.<\/p>\n\n\n\n<p><strong>Direitos do Titular dos dados<\/strong><\/p>\n\n\n\n<p>Entre outros, os titulares dos dados pessoais, gozam dos seguintes direitos:<\/p>\n\n\n\n<ul class=\"wp-block-list\">\n<li><strong>Direito \u00e0 limita\u00e7\u00e3o do tratamento dos dados:&nbsp;<\/strong>Os dados pessoais recolhidos encontram-se vinculados a finalidades determinadas, expl\u00edcitas e leg\u00edtimas, n\u00e3o podendo ser tratados posteriormente de uma forma incompat\u00edvel com essas finalidades;<\/li>\n\n\n\n<li><strong>Direito de acesso:&nbsp;<\/strong>O titular dos dados tem o direito de obter do respons\u00e1vel pelo tratamento a confirma\u00e7\u00e3o de que os dados pessoais que lhe digam respeito s\u00e3o ou n\u00e3o objeto de tratamento e, se for o caso, o direito de aceder aos seus dados pessoais.<\/li>\n\n\n\n<li><strong>Direito \u00e0 portabilidade dos dados:&nbsp;<\/strong>O titular dos dados tem o direito de receber os dados pessoais que lhe digam respeito e que tenha fornecido a um respons\u00e1vel pelo tratamento, num formato estruturado, de uso corrente e de leitura autom\u00e1tica, e o direito de transmitir esses dados a outro respons\u00e1vel pelo tratamento sem impedimento do por parte do respons\u00e1vel a quem os dados pessoais foram fornecidos;<\/li>\n\n\n\n<li><strong>Direito ao apagamento dos dados:&nbsp;<\/strong>O titular dos dados tem o direito de obter do respons\u00e1vel pelo tratamento o apagamento dos seus dados pessoais, e este tem a obriga\u00e7\u00e3o de apagar os dados pessoais, sem demora injustificada;<\/li>\n\n\n\n<li><strong>Direito de oposi\u00e7\u00e3o ao tratamento de dados:&nbsp;<\/strong>O titular dos dados tem o direito de se opor a qualquer momento, por motivos relacionados com a sua situa\u00e7\u00e3o particular, ao tratamento dos dados pessoais que lhe digam respeito.<\/li>\n\n\n\n<li><strong>Direito \u00e0 retifica\u00e7\u00e3o dos dados:&nbsp;<\/strong>O titular tem o direito de obter, sem demora injustificada, do respons\u00e1vel pelo tratamento a retifica\u00e7\u00e3o dos dados pessoais inexatos que lhe digam respeito. Tendo em conta as finalidades do tratamento, o titular dos dados tem ainda direito a que os seus dados pessoais incompletos sejam completados, incluindo por meio de uma declara\u00e7\u00e3o adicional.<\/li>\n<\/ul>\n\n\n\n<p><strong>Conserva\u00e7\u00e3o de Dados<\/strong><\/p>\n\n\n\n<p>Os dados pessoais s\u00e3o conservados por per\u00edodos de tempo diferentes, consoante a finalidade a que se destinam e tendo em conta crit\u00e9rios legais, de necessidade e minimiza\u00e7\u00e3o do tempo de conserva\u00e7\u00e3o, sem preju\u00edzo dos per\u00edodos legalmente definidos para os diversos fins.<\/p>\n\n\n\n<p>No que respeita aos dados digitais de docentes, assistentes operacionais e alunos, os mesmos encontram-se registados nas bases de dados das aplica\u00e7\u00f5es de gest\u00e3o. Estas s\u00e3o internas, alojadas em servidor dedicado, protegido por antiv\u00edrus, firewall, e com restri\u00e7\u00f5es de acesso de acordo com pol\u00edticas de utilizador do dom\u00ednio da rede interna da CENINTEL. S\u00e3o copiados (em c\u00f3pia de seguran\u00e7a encriptada) em suporte externo ao servidor &#8211; um disco externo.<\/p>\n\n\n\n<p>Relativamente aos dados em suporte papel, estes s\u00e3o conservados em local pr\u00f3prio, nos servi\u00e7os administrativos e arquivos de orientadores educativos de turma.<\/p>\n\n\n\n<p>As informa\u00e7\u00f5es sobre o tipo de tratamento a que os dados se encontram sujeitos, devem ser prestadas por escrito.<\/p>\n\n\n\n<p><strong>Transmiss\u00e3o de Dados<\/strong><\/p>\n\n\n\n<p>Os dados pessoais s\u00e3o cedidos \u00e0 CENINTEL no cumprimento de normativos legais ou tarefas de presta\u00e7\u00e3o de servi\u00e7o p\u00fablico educativo, pelo que os mesmos poder\u00e3o ter que ser comunicados a autoridades p\u00fablicas na prossecu\u00e7\u00e3o de qualquer finalidade leg\u00edtima e legalmente prevista, inerente \u00e0 recolha dos mesmos ou no \u00e2mbito do cumprimento de uma obriga\u00e7\u00e3o legal ou para cumprimento de uma ordem judicial.<\/p>\n\n\n\n<p><strong>Seguran\u00e7a e privacidade<\/strong><\/p>\n\n\n\n<p>A CENINTEL garante a seguran\u00e7a e privacidade dos dados pessoais que armazena e processa, adotando medidas de seguran\u00e7a devidamente regulamentadas, assegurando o acesso restrito \u00e0 informa\u00e7\u00e3o, n\u00e3o obstante o dever de sigilo profissional a que todos os funcion\u00e1rios e docentes se encontram sujeitos.<\/p>\n\n\n\n<p><strong>Altera\u00e7\u00e3o \u00e0 pol\u00edtica de privacidade<\/strong><\/p>\n\n\n\n<p>A CENINTEL reserva-se o direito de alterar a pol\u00edtica de privacidade e tratamento de dados, sem aviso pr\u00e9vio, sempre que se verifique qualquer altera\u00e7\u00e3o aos normativos legais que enquadrem aspetos de privacidade e dados pessoais, altera\u00e7\u00f5es nos procedimentos de tratamento informatizado dos dados ou mediante a dete\u00e7\u00e3o de situa\u00e7\u00f5es omissas. As referidas altera\u00e7\u00f5es s\u00e3o publicitadas.<\/p>\n\n\n\n<p><strong>Contactos<\/strong><\/p>\n\n\n\n<ul class=\"wp-block-list\">\n<li><strong>Respons\u00e1vel pelo tratamento de dados<\/strong><\/li>\n<\/ul>\n\n\n\n<p><em>CENINTEL &#8211; Centro de Intelig\u00eancia Formativa, Ensino e Forma\u00e7\u00e3o Profissional<\/em>, Lda, detentora da Escola Profissional Alda Brand\u00e3o de Vasconcelos<\/p>\n\n\n\n<p><em>Sede<\/em><strong>:&nbsp;<\/strong>Av. Dr. Brand\u00e3o de Vasconcelos, 2705-182 Colares.<br><em>Tel.:<\/em>(+351) 21 929 05 86<br><em>e-m<\/em><em>ail:<\/em> <a href=\"mailto:secretariacolares@epav.pt\">secretariacolares@epav.pt<\/a><\/p>\n\n\n\n<ul class=\"wp-block-list\">\n<li><strong>Autoridade Nacional de Controlo<\/strong><\/li>\n<\/ul>\n\n\n\n<p>Comiss\u00e3o Nacional de Prote\u00e7\u00e3o Dados \u2013 CNPD, autoridade de controlo nacional neste \u00e2mbito, contacto dispon\u00edvel para apresenta\u00e7\u00e3o de reclama\u00e7\u00e3o ou pedidos de informa\u00e7\u00e3o.<\/p>\n\n\n\n<p><em>Atualizado em 21 de dezembro de 2020<\/em><\/p>\n","protected":false},"excerpt":{"rendered":"<p>O Regulamento n\u00ba 2016\/679 do Parlamento Europeu e do Conselho de 27 de abril de 2016, denominado por Regulamento Geral de Prote\u00e7\u00e3o de Dados \u2013 RGPD \u2013 estabelece o regime jur\u00eddico de prote\u00e7\u00e3o de dados de pessoas singulares, no que respeita ao tratamento e livre circula\u00e7\u00e3o dos mesmos. A execu\u00e7\u00e3o do RGPD no ordenamento jur\u00eddico [&hellip;]<\/p>\n","protected":false},"author":1,"featured_media":0,"parent":0,"menu_order":0,"comment_status":"closed","ping_status":"closed","template":"","meta":{"footnotes":""},"class_list":["post-5395","page","type-page","status-publish","hentry"],"acpt":null,"yoast_head":"<!-- This site is optimized with the Yoast SEO plugin v27.3 - https:\/\/yoast.com\/product\/yoast-seo-wordpress\/ -->\n<title>RGPD - EPAV<\/title>\n<meta name=\"robots\" content=\"index, follow, max-snippet:-1, max-image-preview:large, max-video-preview:-1\" \/>\n<link rel=\"canonical\" href=\"https:\/\/www.epav.pt\/epav\/politica-de-privacidade\/\" \/>\n<meta property=\"og:locale\" content=\"pt_PT\" \/>\n<meta property=\"og:type\" content=\"article\" \/>\n<meta property=\"og:title\" content=\"RGPD - EPAV\" \/>\n<meta property=\"og:description\" content=\"O Regulamento n\u00ba 2016\/679 do Parlamento Europeu e do Conselho de 27 de abril de 2016, denominado por Regulamento Geral de Prote\u00e7\u00e3o de Dados \u2013 RGPD \u2013 estabelece o regime jur\u00eddico de prote\u00e7\u00e3o de dados de pessoas singulares, no que respeita ao tratamento e livre circula\u00e7\u00e3o dos mesmos. A execu\u00e7\u00e3o do RGPD no ordenamento jur\u00eddico [&hellip;]\" \/>\n<meta property=\"og:url\" content=\"https:\/\/www.epav.pt\/epav\/politica-de-privacidade\/\" \/>\n<meta property=\"og:site_name\" content=\"EPAV\" \/>\n<meta property=\"article:modified_time\" content=\"2025-05-07T08:34:38+00:00\" \/>\n<meta property=\"og:image\" content=\"https:\/\/www.epav.pt\/epav\/wp-content\/uploads\/2025\/03\/FAVICON.png\" \/>\n\t<meta property=\"og:image:width\" content=\"512\" \/>\n\t<meta property=\"og:image:height\" content=\"512\" \/>\n\t<meta property=\"og:image:type\" content=\"image\/png\" \/>\n<meta name=\"twitter:card\" content=\"summary_large_image\" \/>\n<meta name=\"twitter:label1\" content=\"Tempo estimado de leitura\" \/>\n\t<meta name=\"twitter:data1\" content=\"6 minutos\" \/>\n<script type=\"application\/ld+json\" class=\"yoast-schema-graph\">{\"@context\":\"https:\\\/\\\/schema.org\",\"@graph\":[{\"@type\":\"WebPage\",\"@id\":\"https:\\\/\\\/www.epav.pt\\\/epav\\\/politica-de-privacidade\\\/\",\"url\":\"https:\\\/\\\/www.epav.pt\\\/epav\\\/politica-de-privacidade\\\/\",\"name\":\"RGPD - EPAV\",\"isPartOf\":{\"@id\":\"https:\\\/\\\/www.epav.pt\\\/epav\\\/#website\"},\"datePublished\":\"2021-01-29T16:16:12+00:00\",\"dateModified\":\"2025-05-07T08:34:38+00:00\",\"breadcrumb\":{\"@id\":\"https:\\\/\\\/www.epav.pt\\\/epav\\\/politica-de-privacidade\\\/#breadcrumb\"},\"inLanguage\":\"pt-PT\",\"potentialAction\":[{\"@type\":\"ReadAction\",\"target\":[\"https:\\\/\\\/www.epav.pt\\\/epav\\\/politica-de-privacidade\\\/\"]}]},{\"@type\":\"BreadcrumbList\",\"@id\":\"https:\\\/\\\/www.epav.pt\\\/epav\\\/politica-de-privacidade\\\/#breadcrumb\",\"itemListElement\":[{\"@type\":\"ListItem\",\"position\":1,\"name\":\"In\u00edcio\",\"item\":\"https:\\\/\\\/www.epav.pt\\\/epav\\\/\"},{\"@type\":\"ListItem\",\"position\":2,\"name\":\"RGPD\"}]},{\"@type\":\"WebSite\",\"@id\":\"https:\\\/\\\/www.epav.pt\\\/epav\\\/#website\",\"url\":\"https:\\\/\\\/www.epav.pt\\\/epav\\\/\",\"name\":\"EPAV\",\"description\":\"Escola Profissional Alda Brand\u00e3o de Vasconcelos\",\"alternateName\":\"Escola Profissional Alda Brand\u00e3o de Vasconcelos\",\"potentialAction\":[{\"@type\":\"SearchAction\",\"target\":{\"@type\":\"EntryPoint\",\"urlTemplate\":\"https:\\\/\\\/www.epav.pt\\\/epav\\\/?s={search_term_string}\"},\"query-input\":{\"@type\":\"PropertyValueSpecification\",\"valueRequired\":true,\"valueName\":\"search_term_string\"}}],\"inLanguage\":\"pt-PT\"}]}<\/script>\n<!-- \/ Yoast SEO plugin. -->","yoast_head_json":{"title":"RGPD - EPAV","robots":{"index":"index","follow":"follow","max-snippet":"max-snippet:-1","max-image-preview":"max-image-preview:large","max-video-preview":"max-video-preview:-1"},"canonical":"https:\/\/www.epav.pt\/epav\/politica-de-privacidade\/","og_locale":"pt_PT","og_type":"article","og_title":"RGPD - EPAV","og_description":"O Regulamento n\u00ba 2016\/679 do Parlamento Europeu e do Conselho de 27 de abril de 2016, denominado por Regulamento Geral de Prote\u00e7\u00e3o de Dados \u2013 RGPD \u2013 estabelece o regime jur\u00eddico de prote\u00e7\u00e3o de dados de pessoas singulares, no que respeita ao tratamento e livre circula\u00e7\u00e3o dos mesmos. A execu\u00e7\u00e3o do RGPD no ordenamento jur\u00eddico [&hellip;]","og_url":"https:\/\/www.epav.pt\/epav\/politica-de-privacidade\/","og_site_name":"EPAV","article_modified_time":"2025-05-07T08:34:38+00:00","og_image":[{"width":512,"height":512,"url":"https:\/\/www.epav.pt\/epav\/wp-content\/uploads\/2025\/03\/FAVICON.png","type":"image\/png"}],"twitter_card":"summary_large_image","twitter_misc":{"Tempo estimado de leitura":"6 minutos"},"schema":{"@context":"https:\/\/schema.org","@graph":[{"@type":"WebPage","@id":"https:\/\/www.epav.pt\/epav\/politica-de-privacidade\/","url":"https:\/\/www.epav.pt\/epav\/politica-de-privacidade\/","name":"RGPD - EPAV","isPartOf":{"@id":"https:\/\/www.epav.pt\/epav\/#website"},"datePublished":"2021-01-29T16:16:12+00:00","dateModified":"2025-05-07T08:34:38+00:00","breadcrumb":{"@id":"https:\/\/www.epav.pt\/epav\/politica-de-privacidade\/#breadcrumb"},"inLanguage":"pt-PT","potentialAction":[{"@type":"ReadAction","target":["https:\/\/www.epav.pt\/epav\/politica-de-privacidade\/"]}]},{"@type":"BreadcrumbList","@id":"https:\/\/www.epav.pt\/epav\/politica-de-privacidade\/#breadcrumb","itemListElement":[{"@type":"ListItem","position":1,"name":"In\u00edcio","item":"https:\/\/www.epav.pt\/epav\/"},{"@type":"ListItem","position":2,"name":"RGPD"}]},{"@type":"WebSite","@id":"https:\/\/www.epav.pt\/epav\/#website","url":"https:\/\/www.epav.pt\/epav\/","name":"EPAV","description":"Escola Profissional Alda Brand\u00e3o de Vasconcelos","alternateName":"Escola Profissional Alda Brand\u00e3o de Vasconcelos","potentialAction":[{"@type":"SearchAction","target":{"@type":"EntryPoint","urlTemplate":"https:\/\/www.epav.pt\/epav\/?s={search_term_string}"},"query-input":{"@type":"PropertyValueSpecification","valueRequired":true,"valueName":"search_term_string"}}],"inLanguage":"pt-PT"}]}},"_links":{"self":[{"href":"https:\/\/www.epav.pt\/epav\/wp-json\/wp\/v2\/pages\/5395","targetHints":{"allow":["GET"]}}],"collection":[{"href":"https:\/\/www.epav.pt\/epav\/wp-json\/wp\/v2\/pages"}],"about":[{"href":"https:\/\/www.epav.pt\/epav\/wp-json\/wp\/v2\/types\/page"}],"author":[{"embeddable":true,"href":"https:\/\/www.epav.pt\/epav\/wp-json\/wp\/v2\/users\/1"}],"replies":[{"embeddable":true,"href":"https:\/\/www.epav.pt\/epav\/wp-json\/wp\/v2\/comments?post=5395"}],"version-history":[{"count":0,"href":"https:\/\/www.epav.pt\/epav\/wp-json\/wp\/v2\/pages\/5395\/revisions"}],"wp:attachment":[{"href":"https:\/\/www.epav.pt\/epav\/wp-json\/wp\/v2\/media?parent=5395"}],"curies":[{"name":"wp","href":"https:\/\/api.w.org\/{rel}","templated":true}]}}