{"id":3561,"date":"2019-02-13T12:24:09","date_gmt":"2019-02-13T12:24:09","guid":{"rendered":"https:\/\/www.epav.pt\/epav\/?page_id=3561"},"modified":"2025-06-17T15:15:20","modified_gmt":"2025-06-17T15:15:20","slug":"cef","status":"publish","type":"page","link":"https:\/\/www.epav.pt\/epav\/cef\/","title":{"rendered":"CEF"},"content":{"rendered":"\n<div class=\"wp-block-group\"><div class=\"wp-block-group__inner-container is-layout-constrained wp-block-group-is-layout-constrained\">\n<div class=\"wp-block-columns is-layout-flex wp-container-core-columns-is-layout-9d6595d7 wp-block-columns-is-layout-flex\">\n<div class=\"wp-block-column is-layout-flow wp-block-column-is-layout-flow\">\n<figure class=\"wp-block-image size-large\"><img loading=\"lazy\" decoding=\"async\" width=\"1024\" height=\"111\" src=\"https:\/\/www.epav.pt\/epav\/wp-content\/uploads\/2025\/06\/rodape-financiamento-1024x111.jpg\" alt=\"\" class=\"wp-image-10866\" srcset=\"https:\/\/www.epav.pt\/epav\/wp-content\/uploads\/2025\/06\/rodape-financiamento-1024x111.jpg 1024w, https:\/\/www.epav.pt\/epav\/wp-content\/uploads\/2025\/06\/rodape-financiamento-300x33.jpg 300w, https:\/\/www.epav.pt\/epav\/wp-content\/uploads\/2025\/06\/rodape-financiamento-768x83.jpg 768w, https:\/\/www.epav.pt\/epav\/wp-content\/uploads\/2025\/06\/rodape-financiamento-1536x167.jpg 1536w, https:\/\/www.epav.pt\/epav\/wp-content\/uploads\/2025\/06\/rodape-financiamento-2048x222.jpg 2048w\" sizes=\"auto, (max-width: 1024px) 100vw, 1024px\" \/><\/figure>\n\n\n\n<p>Designa\u00e7\u00e3o do projeto:<\/p>\n\n\n\n<p><strong>Cursos CEF &#8211; Qualifica\u00e7\u00e3o de Jovens<br>Pessoas &#8211; FSE+- 01245400<\/strong><\/p>\n\n\n\n<p>Regi\u00e3o de Interven\u00e7\u00e3o: <strong>Peniche &#8211; Peniche &#8211; Leiria<\/strong><\/p>\n\n\n\n<p>Entidade Benefici\u00e1ria: <strong>507261682 \u2013 CENINTEL \u2013 CENTRO DE INTELIG\u00caNCIA FORMATIVA, ENSINO E FORMA\u00c7\u00c3O PROFISSIONAL LDA<\/strong><\/p>\n\n\n\n<p>Prioridade: <strong>4B: Mais e Melhor Qualifica\u00e7\u00e3o Inicial para Crescer.<\/strong><\/p>\n\n\n\n<p>Custo total eleg\u00edvel: <strong>141 021,10 EUR<\/strong><\/p>\n\n\n\n<p>Apoio financeiro da uni\u00e3o Europeia: <strong>119 867,93 EUR<\/strong><\/p>\n\n\n\n<p>Cofinanciamento da UE: <strong>85%<\/strong><\/p>\n\n\n\n<p><\/p>\n\n\n\n<div class=\"wp-block-buttons is-layout-flex wp-block-buttons-is-layout-flex\">\n<div class=\"wp-block-button\"><a class=\"wp-block-button__link wp-element-button\" href=\"https:\/\/www.epav.pt\/epav\/wp-content\/uploads\/2025\/06\/PESSOAS2030_Selo_OIE2.pdf\">Documento<\/a><\/div>\n<\/div>\n<\/div>\n<\/div>\n<\/div><\/div>\n\n\n\n<div class=\"wp-block-group\" style=\"padding-top:var(--wp--preset--spacing--80);padding-bottom:var(--wp--preset--spacing--80)\"><div class=\"wp-block-group__inner-container is-layout-constrained wp-block-group-is-layout-constrained\">\n<div class=\"wp-block-columns is-layout-flex wp-container-core-columns-is-layout-9d6595d7 wp-block-columns-is-layout-flex\">\n<div class=\"wp-block-column is-layout-flow wp-block-column-is-layout-flow\">\n<figure class=\"wp-block-image size-large is-resized\"><img loading=\"lazy\" decoding=\"async\" width=\"1024\" height=\"118\" src=\"https:\/\/www.epav.pt\/epav\/wp-content\/uploads\/2025\/04\/2020-1024x118.png\" alt=\"\" class=\"wp-image-9492\" style=\"width:668px;height:auto\" srcset=\"https:\/\/www.epav.pt\/epav\/wp-content\/uploads\/2025\/04\/2020-1024x118.png 1024w, https:\/\/www.epav.pt\/epav\/wp-content\/uploads\/2025\/04\/2020-300x35.png 300w, https:\/\/www.epav.pt\/epav\/wp-content\/uploads\/2025\/04\/2020-768x88.png 768w, https:\/\/www.epav.pt\/epav\/wp-content\/uploads\/2025\/04\/2020-1536x177.png 1536w, https:\/\/www.epav.pt\/epav\/wp-content\/uploads\/2025\/04\/2020-2048x236.png 2048w\" sizes=\"auto, (max-width: 1024px) 100vw, 1024px\" \/><\/figure>\n\n\n\n<p>Designa\u00e7\u00e3o do projeto: <strong><strong>Cursos Educa\u00e7\u00e3o e Forma\u00e7\u00e3o<\/strong><\/strong><\/p>\n\n\n\n<p>C\u00f3digo do projeto: <strong>LISBOA-07-5266-FSE-000082<\/strong><\/p>\n\n\n\n<p><strong>Objetivo do projeto<\/strong>: Os CEF de Tipo 3 \u2013 Cozinheiro e de Tipo 2 \u2013 Acompanhante de Crian\u00e7as e de Operador de Distribui\u00e7\u00e3o propostos, t\u00eam como objetivo permitir que os jovens recuperem os seus percursos formativos conferindo-lhes a possibilidade, de cumprirem a escolaridade obrigat\u00f3ria, de prosseguirem estudos no ensino profissional ou de ingressarem no mercado de trabalho com sucesso escolar. A escolha destas \u00e1reas de forma\u00e7\u00e3o encontra-se ligada \u00e0s necessidades de forma\u00e7\u00e3o.<\/p>\n\n\n\n<p>Regi\u00e3o de Interven\u00e7\u00e3o: <strong>\u00c1rea Metropolitana de Lisboa<\/strong><\/p>\n\n\n\n<p>Entidade Benefici\u00e1ria: <strong>507261682 \u2013 CENINTEL \u2013 CENTRO DE INTELIG\u00caNCIA FORMATIVA, ENSINO E FORMA\u00c7\u00c3O PROFISSIONAL LDA<\/strong><\/p>\n\n\n\n<p>Data de aprova\u00e7\u00e3o: <strong>25\/06\/2018<\/strong><\/p>\n\n\n\n<p>Data de In\u00edcio: <strong>01\/09\/2017<\/strong><\/p>\n\n\n\n<p>Data de conclus\u00e3o: <strong>31\/08\/2019<\/strong><\/p>\n\n\n\n<p>Apoio financeiro da uni\u00e3o Europeia: <strong>FSE \u2013 98 743,51 EUR<\/strong><\/p>\n\n\n\n<p>Apoio financeiro p\u00fablico nacional\/regional: <strong>98 743,50 EUR<\/strong><\/p>\n<\/div>\n<\/div>\n<\/div><\/div>\n\n\n\n<div class=\"wp-block-group\" style=\"padding-top:var(--wp--preset--spacing--80);padding-bottom:var(--wp--preset--spacing--80)\"><div class=\"wp-block-group__inner-container is-layout-constrained wp-block-group-is-layout-constrained\">\n<div class=\"wp-block-columns is-layout-flex wp-container-core-columns-is-layout-9d6595d7 wp-block-columns-is-layout-flex\">\n<div class=\"wp-block-column is-layout-flow wp-block-column-is-layout-flow\">\n<figure class=\"wp-block-image size-large is-resized\"><img loading=\"lazy\" decoding=\"async\" width=\"1024\" height=\"118\" src=\"https:\/\/www.epav.pt\/epav\/wp-content\/uploads\/2025\/04\/2020-1024x118.png\" alt=\"\" class=\"wp-image-9492\" style=\"width:668px;height:auto\" srcset=\"https:\/\/www.epav.pt\/epav\/wp-content\/uploads\/2025\/04\/2020-1024x118.png 1024w, https:\/\/www.epav.pt\/epav\/wp-content\/uploads\/2025\/04\/2020-300x35.png 300w, https:\/\/www.epav.pt\/epav\/wp-content\/uploads\/2025\/04\/2020-768x88.png 768w, https:\/\/www.epav.pt\/epav\/wp-content\/uploads\/2025\/04\/2020-1536x177.png 1536w, https:\/\/www.epav.pt\/epav\/wp-content\/uploads\/2025\/04\/2020-2048x236.png 2048w\" sizes=\"auto, (max-width: 1024px) 100vw, 1024px\" \/><\/figure>\n\n\n\n<p>Designa\u00e7\u00e3o do projeto: <strong>Cursos Educa\u00e7\u00e3o e Forma\u00e7\u00e3o<\/strong><\/p>\n\n\n\n<p>C\u00f3digo do projeto: <strong><strong>LISBOA-07-5266-FSE-000061<\/strong><\/strong><\/p>\n\n\n\n<p><strong>Objetivo do projeto<\/strong>: Os CEF de Tipo 3 \u2013 Pasteleiro\/Padeiro e de Tipo 2 \u2013 Operador de Distribui\u00e7\u00e3o propostos, t\u00eam como objetivo permitir que os jovens recuperem os seus percursos formativos conferindo-lhes a possibilidade de prosseguirem estudos no ensino profissional ou de ingressarem no mercado de trabalho. A escolha destas \u00e1reas de forma\u00e7\u00e3o encontra-se ligada \u00e0s necessidades de forma\u00e7\u00e3o definidas nas reuni\u00f5es de rede municipal, nas quais a EPAV participa.<\/p>\n\n\n\n<p>Regi\u00e3o de Interven\u00e7\u00e3o: <strong>\u00c1rea Metropolitana de Lisboa<\/strong><\/p>\n\n\n\n<p>Entidade Benefici\u00e1ria: <strong>507261682 \u2013 CENINTEL \u2013 CENTRO DE INTELIG\u00caNCIA FORMATIVA, ENSINO E FORMA\u00c7\u00c3O PROFISSIONAL LDA<\/strong><\/p>\n\n\n\n<p>Data de aprova\u00e7\u00e3o: <strong><strong>25\/06\/2018<\/strong><\/strong><\/p>\n\n\n\n<p>Data de In\u00edcio: <strong><strong>01\/09\/2016<\/strong><\/strong><\/p>\n\n\n\n<p>Data de conclus\u00e3o: <strong><strong>31\/08\/2018<\/strong><\/strong><\/p>\n\n\n\n<p>Apoio financeiro da uni\u00e3o Europeia: <strong><strong>FSE \u2013 133 194,22 EUR<\/strong><\/strong><\/p>\n\n\n\n<p>Apoio financeiro p\u00fablico nacional\/regional: <strong><strong>133 194,22 EUR<\/strong><\/strong><\/p>\n<\/div>\n<\/div>\n<\/div><\/div>\n","protected":false},"excerpt":{"rendered":"<p>Designa\u00e7\u00e3o do projeto: Cursos CEF &#8211; Qualifica\u00e7\u00e3o de JovensPessoas &#8211; FSE+- 01245400 Regi\u00e3o de Interven\u00e7\u00e3o: Peniche &#8211; Peniche &#8211; Leiria Entidade Benefici\u00e1ria: 507261682 \u2013 CENINTEL \u2013 CENTRO DE INTELIG\u00caNCIA FORMATIVA, ENSINO E FORMA\u00c7\u00c3O PROFISSIONAL LDA Prioridade: 4B: Mais e Melhor Qualifica\u00e7\u00e3o Inicial para Crescer. Custo total eleg\u00edvel: 141 021,10 EUR Apoio financeiro da uni\u00e3o Europeia: [&hellip;]<\/p>\n","protected":false},"author":1,"featured_media":0,"parent":0,"menu_order":0,"comment_status":"closed","ping_status":"closed","template":"","meta":{"footnotes":""},"class_list":["post-3561","page","type-page","status-publish","hentry"],"acpt":null,"yoast_head":"<!-- This site is optimized with the Yoast SEO plugin v27.3 - https:\/\/yoast.com\/product\/yoast-seo-wordpress\/ -->\n<title>CEF - EPAV<\/title>\n<meta name=\"robots\" content=\"index, follow, max-snippet:-1, max-image-preview:large, max-video-preview:-1\" \/>\n<link rel=\"canonical\" href=\"https:\/\/www.epav.pt\/epav\/cef\/\" \/>\n<meta property=\"og:locale\" content=\"pt_PT\" \/>\n<meta property=\"og:type\" content=\"article\" \/>\n<meta property=\"og:title\" content=\"CEF - EPAV\" \/>\n<meta property=\"og:description\" content=\"Designa\u00e7\u00e3o do projeto: Cursos CEF &#8211; Qualifica\u00e7\u00e3o de JovensPessoas &#8211; FSE+- 01245400 Regi\u00e3o de Interven\u00e7\u00e3o: Peniche &#8211; Peniche &#8211; Leiria Entidade Benefici\u00e1ria: 507261682 \u2013 CENINTEL \u2013 CENTRO DE INTELIG\u00caNCIA FORMATIVA, ENSINO E FORMA\u00c7\u00c3O PROFISSIONAL LDA Prioridade: 4B: Mais e Melhor Qualifica\u00e7\u00e3o Inicial para Crescer. Custo total eleg\u00edvel: 141 021,10 EUR Apoio financeiro da uni\u00e3o Europeia: [&hellip;]\" \/>\n<meta property=\"og:url\" content=\"https:\/\/www.epav.pt\/epav\/cef\/\" \/>\n<meta property=\"og:site_name\" content=\"EPAV\" \/>\n<meta property=\"article:modified_time\" content=\"2025-06-17T15:15:20+00:00\" \/>\n<meta property=\"og:image\" content=\"https:\/\/www.epav.pt\/epav\/wp-content\/uploads\/2025\/06\/rodape-financiamento-1024x111.jpg\" \/>\n<meta name=\"twitter:card\" content=\"summary_large_image\" \/>\n<meta name=\"twitter:label1\" content=\"Tempo estimado de leitura\" \/>\n\t<meta name=\"twitter:data1\" content=\"2 minutos\" \/>\n<script type=\"application\/ld+json\" class=\"yoast-schema-graph\">{\"@context\":\"https:\\\/\\\/schema.org\",\"@graph\":[{\"@type\":\"WebPage\",\"@id\":\"https:\\\/\\\/www.epav.pt\\\/epav\\\/cef\\\/\",\"url\":\"https:\\\/\\\/www.epav.pt\\\/epav\\\/cef\\\/\",\"name\":\"CEF - EPAV\",\"isPartOf\":{\"@id\":\"https:\\\/\\\/www.epav.pt\\\/epav\\\/#website\"},\"primaryImageOfPage\":{\"@id\":\"https:\\\/\\\/www.epav.pt\\\/epav\\\/cef\\\/#primaryimage\"},\"image\":{\"@id\":\"https:\\\/\\\/www.epav.pt\\\/epav\\\/cef\\\/#primaryimage\"},\"thumbnailUrl\":\"https:\\\/\\\/www.epav.pt\\\/epav\\\/wp-content\\\/uploads\\\/2025\\\/06\\\/rodape-financiamento-1024x111.jpg\",\"datePublished\":\"2019-02-13T12:24:09+00:00\",\"dateModified\":\"2025-06-17T15:15:20+00:00\",\"breadcrumb\":{\"@id\":\"https:\\\/\\\/www.epav.pt\\\/epav\\\/cef\\\/#breadcrumb\"},\"inLanguage\":\"pt-PT\",\"potentialAction\":[{\"@type\":\"ReadAction\",\"target\":[\"https:\\\/\\\/www.epav.pt\\\/epav\\\/cef\\\/\"]}]},{\"@type\":\"ImageObject\",\"inLanguage\":\"pt-PT\",\"@id\":\"https:\\\/\\\/www.epav.pt\\\/epav\\\/cef\\\/#primaryimage\",\"url\":\"https:\\\/\\\/www.epav.pt\\\/epav\\\/wp-content\\\/uploads\\\/2025\\\/06\\\/rodape-financiamento-scaled.jpg\",\"contentUrl\":\"https:\\\/\\\/www.epav.pt\\\/epav\\\/wp-content\\\/uploads\\\/2025\\\/06\\\/rodape-financiamento-scaled.jpg\",\"width\":2560,\"height\":278},{\"@type\":\"BreadcrumbList\",\"@id\":\"https:\\\/\\\/www.epav.pt\\\/epav\\\/cef\\\/#breadcrumb\",\"itemListElement\":[{\"@type\":\"ListItem\",\"position\":1,\"name\":\"In\u00edcio\",\"item\":\"https:\\\/\\\/www.epav.pt\\\/epav\\\/\"},{\"@type\":\"ListItem\",\"position\":2,\"name\":\"CEF\"}]},{\"@type\":\"WebSite\",\"@id\":\"https:\\\/\\\/www.epav.pt\\\/epav\\\/#website\",\"url\":\"https:\\\/\\\/www.epav.pt\\\/epav\\\/\",\"name\":\"EPAV\",\"description\":\"Escola Profissional Alda Brand\u00e3o de Vasconcelos\",\"alternateName\":\"Escola Profissional Alda Brand\u00e3o de Vasconcelos\",\"potentialAction\":[{\"@type\":\"SearchAction\",\"target\":{\"@type\":\"EntryPoint\",\"urlTemplate\":\"https:\\\/\\\/www.epav.pt\\\/epav\\\/?s={search_term_string}\"},\"query-input\":{\"@type\":\"PropertyValueSpecification\",\"valueRequired\":true,\"valueName\":\"search_term_string\"}}],\"inLanguage\":\"pt-PT\"}]}<\/script>\n<!-- \/ Yoast SEO plugin. -->","yoast_head_json":{"title":"CEF - EPAV","robots":{"index":"index","follow":"follow","max-snippet":"max-snippet:-1","max-image-preview":"max-image-preview:large","max-video-preview":"max-video-preview:-1"},"canonical":"https:\/\/www.epav.pt\/epav\/cef\/","og_locale":"pt_PT","og_type":"article","og_title":"CEF - EPAV","og_description":"Designa\u00e7\u00e3o do projeto: Cursos CEF &#8211; Qualifica\u00e7\u00e3o de JovensPessoas &#8211; FSE+- 01245400 Regi\u00e3o de Interven\u00e7\u00e3o: Peniche &#8211; Peniche &#8211; Leiria Entidade Benefici\u00e1ria: 507261682 \u2013 CENINTEL \u2013 CENTRO DE INTELIG\u00caNCIA FORMATIVA, ENSINO E FORMA\u00c7\u00c3O PROFISSIONAL LDA Prioridade: 4B: Mais e Melhor Qualifica\u00e7\u00e3o Inicial para Crescer. Custo total eleg\u00edvel: 141 021,10 EUR Apoio financeiro da uni\u00e3o Europeia: [&hellip;]","og_url":"https:\/\/www.epav.pt\/epav\/cef\/","og_site_name":"EPAV","article_modified_time":"2025-06-17T15:15:20+00:00","og_image":[{"url":"https:\/\/www.epav.pt\/epav\/wp-content\/uploads\/2025\/06\/rodape-financiamento-1024x111.jpg","type":"","width":"","height":""}],"twitter_card":"summary_large_image","twitter_misc":{"Tempo estimado de leitura":"2 minutos"},"schema":{"@context":"https:\/\/schema.org","@graph":[{"@type":"WebPage","@id":"https:\/\/www.epav.pt\/epav\/cef\/","url":"https:\/\/www.epav.pt\/epav\/cef\/","name":"CEF - EPAV","isPartOf":{"@id":"https:\/\/www.epav.pt\/epav\/#website"},"primaryImageOfPage":{"@id":"https:\/\/www.epav.pt\/epav\/cef\/#primaryimage"},"image":{"@id":"https:\/\/www.epav.pt\/epav\/cef\/#primaryimage"},"thumbnailUrl":"https:\/\/www.epav.pt\/epav\/wp-content\/uploads\/2025\/06\/rodape-financiamento-1024x111.jpg","datePublished":"2019-02-13T12:24:09+00:00","dateModified":"2025-06-17T15:15:20+00:00","breadcrumb":{"@id":"https:\/\/www.epav.pt\/epav\/cef\/#breadcrumb"},"inLanguage":"pt-PT","potentialAction":[{"@type":"ReadAction","target":["https:\/\/www.epav.pt\/epav\/cef\/"]}]},{"@type":"ImageObject","inLanguage":"pt-PT","@id":"https:\/\/www.epav.pt\/epav\/cef\/#primaryimage","url":"https:\/\/www.epav.pt\/epav\/wp-content\/uploads\/2025\/06\/rodape-financiamento-scaled.jpg","contentUrl":"https:\/\/www.epav.pt\/epav\/wp-content\/uploads\/2025\/06\/rodape-financiamento-scaled.jpg","width":2560,"height":278},{"@type":"BreadcrumbList","@id":"https:\/\/www.epav.pt\/epav\/cef\/#breadcrumb","itemListElement":[{"@type":"ListItem","position":1,"name":"In\u00edcio","item":"https:\/\/www.epav.pt\/epav\/"},{"@type":"ListItem","position":2,"name":"CEF"}]},{"@type":"WebSite","@id":"https:\/\/www.epav.pt\/epav\/#website","url":"https:\/\/www.epav.pt\/epav\/","name":"EPAV","description":"Escola Profissional Alda Brand\u00e3o de Vasconcelos","alternateName":"Escola Profissional Alda Brand\u00e3o de Vasconcelos","potentialAction":[{"@type":"SearchAction","target":{"@type":"EntryPoint","urlTemplate":"https:\/\/www.epav.pt\/epav\/?s={search_term_string}"},"query-input":{"@type":"PropertyValueSpecification","valueRequired":true,"valueName":"search_term_string"}}],"inLanguage":"pt-PT"}]}},"_links":{"self":[{"href":"https:\/\/www.epav.pt\/epav\/wp-json\/wp\/v2\/pages\/3561","targetHints":{"allow":["GET"]}}],"collection":[{"href":"https:\/\/www.epav.pt\/epav\/wp-json\/wp\/v2\/pages"}],"about":[{"href":"https:\/\/www.epav.pt\/epav\/wp-json\/wp\/v2\/types\/page"}],"author":[{"embeddable":true,"href":"https:\/\/www.epav.pt\/epav\/wp-json\/wp\/v2\/users\/1"}],"replies":[{"embeddable":true,"href":"https:\/\/www.epav.pt\/epav\/wp-json\/wp\/v2\/comments?post=3561"}],"version-history":[{"count":0,"href":"https:\/\/www.epav.pt\/epav\/wp-json\/wp\/v2\/pages\/3561\/revisions"}],"wp:attachment":[{"href":"https:\/\/www.epav.pt\/epav\/wp-json\/wp\/v2\/media?parent=3561"}],"curies":[{"name":"wp","href":"https:\/\/api.w.org\/{rel}","templated":true}]}}