{"id":8518,"date":"2025-03-24T20:18:27","date_gmt":"2025-03-24T20:18:27","guid":{"rendered":"https:\/\/epav.marcelodesign.pt\/?post_type=cursos&#038;p=8518"},"modified":"2026-04-29T09:01:03","modified_gmt":"2026-04-29T09:01:03","slug":"tecnico-de-apoio-intervencao-social","status":"publish","type":"cursos","link":"https:\/\/www.epav.pt\/epav\/cursos\/tecnico-de-apoio-intervencao-social\/","title":{"rendered":"T\u00e9cnico de Apoio \u00e0 Interven\u00e7\u00e3o Social"},"content":{"rendered":"\n<h2 class=\"wp-block-heading\">Perfil de Sa\u00edda<\/h2>\n\n\n\n<ul class=\"wp-block-list\">\n<li>Promover integrado em equipas multidisciplinares, o desenvolvimento psicossocial de indiv\u00edduos, de grupos e comunidades em contextos sociais de maior vulnerabilidade, com enfoque nos n\u00edveis de risco e no ciclo de vida, potenciando as capacidades internas como apoio na reconstru\u00e7\u00e3o de um percurso de vida aut\u00f3nomo, produtivo e com qualidade. (ANQEP)<\/li>\n<\/ul>\n\n\n\n<h2 class=\"wp-block-heading\"><strong>Atividades Principais<\/strong><\/h2>\n\n\n\n<ul class=\"wp-block-list\">\n<li>Identificar, diagnosticar, analisar e avaliar diferentes dom\u00ednios, contextos, situa\u00e7\u00f5es,&nbsp;problemas e comportamentos sobre os quais seja necess\u00e1rio intervir;<\/li>\n\n\n\n<li>Planear, organizar, desenvolver e avaliar programas, projectos, ac\u00e7\u00f5es e actividades que&nbsp;d\u00eaem resposta \u00e0s necessidades diagnosticadas;<\/li>\n\n\n\n<li>Definir estrat\u00e9gias, m\u00e9todos e t\u00e9cnicas de interven\u00e7\u00e3o face a cada situa\u00e7\u00e3o diagnosticada;<\/li>\n\n\n\n<li>Identificar recursos, encaminhando, articulando, ou criando novas solu\u00e7\u00f5es para as&nbsp;situa\u00e7\u00f5es detectadas;<\/li>\n\n\n\n<li>Intervir junto de indiv\u00edduos, grupos, comunidades, ou popula\u00e7\u00f5es com necessidades&nbsp;espec\u00edficas, promovendo o seu desenvolvimento pessoal e s\u00f3cio-comunit\u00e1rio;<\/li>\n\n\n\n<li>Planear, organizar e promover actividades de car\u00e1cter educativo, cultural, social, l\u00fadicopedag\u00f3gico&nbsp;e s\u00f3cio-terap\u00eautico, em contexto institucional, na comunidade ou no domicilio,&nbsp;tendo em conta as necessidades do grupo e dos indiv\u00edduos, com vista a melhorar a sua<br>qualidade de vida e a sua inser\u00e7\u00e3o e interac\u00e7\u00e3o sociais;<\/li>\n\n\n\n<li>Promover a integra\u00e7\u00e3o grupal e social fomentando a interac\u00e7\u00e3o entre os v\u00e1rios actores&nbsp;sociais da comunidade;<\/li>\n\n\n\n<li>Elaborar relat\u00f3rios de actividades.<\/li>\n\n\n\n<li>Intervir em comunidades em que n\u00e3o sejam detectadas necessidades especiais,&nbsp;nomeadamente escolas, lares de terceira idade, centros de ATL;<\/li>\n\n\n\n<li>Realizar actividades complementares de ac\u00e7\u00e3o pedag\u00f3gica com vista ao desenvolvimento&nbsp;integral de grupos e\/ou indiv\u00edduos;<\/li>\n\n\n\n<li>Promover o acompanhamento e a reinser\u00e7\u00e3o de crian\u00e7as e jovens institucionalizados;<\/li>\n\n\n\n<li>Participar em equipas pluridisciplinares que desenvolvam actividades no \u00e2mbito da&nbsp;Educa\u00e7\u00e3o para a Sa\u00fade;<\/li>\n\n\n\n<li>Acolher e acompanhar de forma personalizada o doente e seus familiares nos circuitos&nbsp;assistenciais das Unidades de sa\u00fade apoiando-os e motivando-os para o tratamento;<\/li>\n\n\n\n<li>Contribuir para uma efectiva comunica\u00e7\u00e3o intra-institucional na rela\u00e7\u00e3o com o doente e&nbsp;seus familiares;<\/li>\n\n\n\n<li>Realizar actividades complementares de ac\u00e7\u00e3o terap\u00eautica, tendo em vista o bem-estar na&nbsp;recupera\u00e7\u00e3o e na integra\u00e7\u00e3o social plena do doente;<\/li>\n\n\n\n<li>Desenvolver actividades l\u00fadico-terap\u00eauticas nas Unidades de Sa\u00fade, avaliando e&nbsp;registando a conduta e o desempenho global dos doentes, e acompanh\u00e1-los em visitas de&nbsp;estudo relacionadas com a \u00e1rea ocupacional e sa\u00eddas de socializa\u00e7\u00e3o;<\/li>\n\n\n\n<li>Colaborar na presta\u00e7\u00e3o de cuidados de higiene, alimenta\u00e7\u00e3o e conforto dos doentes, tendo&nbsp;em conta o seu grau de autonomia e na manuten\u00e7\u00e3o da desinfec\u00e7\u00e3o, higiene e conforto das&nbsp;Unidades de Sa\u00fade;<\/li>\n\n\n\n<li>Efectuar os registos da sua interven\u00e7\u00e3o e recolher as informa\u00e7\u00f5es que lhe forem&nbsp;determinadas pelos t\u00e9cnicos de n\u00edvel superior;<\/li>\n\n\n\n<li>Desenvolver ac\u00e7\u00f5es de preven\u00e7\u00e3o prim\u00e1ria, secund\u00e1ria, terci\u00e1ria e de redu\u00e7\u00e3o de danos;<\/li>\n\n\n\n<li>Participar em equipas de despiste e acompanhamento dos indiv\u00edduos com sida e outras&nbsp;doen\u00e7as infecto-contagiosas, desenvolvendo actividades complementares de ac\u00e7\u00e3o&nbsp;terap\u00eautica que promovam a sua reinser\u00e7\u00e3o social;<\/li>\n\n\n\n<li>Efectuar trabalho de rua junto de cidad\u00e3os \u201csem abrigo\u201d, toxicodependentes, prostitutos&nbsp;promovendo a sua reinser\u00e7\u00e3o social.<\/li>\n<\/ul>\n\n\n\n<div class=\"wp-block-group\"><div class=\"wp-block-group__inner-container is-layout-constrained wp-block-group-is-layout-constrained\"><div id=\"b-ockitz_m8qi4v3w\" class=\"brxe-container\"><h3 id=\"b-eajzrk_m8qi4v3w\" class=\"brxe-heading\">Plano de estudos<\/h3><div id=\"b-hmeuqk_m8qi4v3w\" class=\"brxe-container\"><div id=\"brxe-eozlgu\" class=\"brxe-block\"><div id=\"b-lczvsr_m8qi4v3w\" class=\"brxe-text-basic\">Componente de forma\u00e7ao socio cultural<\/div><\/div><div id=\"b-peyczf_m8qi4v3w\" class=\"brxe-block info-disciplina\"><div id=\"b-hdmkfp_m8qi4v3w\" class=\"brxe-div\"><i id=\"b-jlfmwr_m8qi4v3w\" class=\"fas fa-book-open brxe-icon\"><\/i><div id=\"b-nfgdxi_m8qi4v3w\" class=\"brxe-text-basic\">Portugu\u00eas<\/div><\/div><div id=\"b-wkdtiz_m8qi4v3w\" class=\"brxe-divider horizontal\"><div class=\"line\"><\/div><\/div><div id=\"b-bvtlrw_m8qi4v3w\" class=\"brxe-div\"><div id=\"b-opocas_m8qi4v3w\" class=\"brxe-text-basic\">290 horas<\/div><\/div><\/div><div id=\"b-pyqosq_m8qi4v3w\" class=\"brxe-block info-disciplina\"><div id=\"b-nyamlr_m8qi4v3w\" class=\"brxe-div\"><i id=\"b-ffoqkn_m8qi4v3w\" class=\"fas fa-book-open brxe-icon\"><\/i><div id=\"b-arcech_m8qi4v3w\" class=\"brxe-text-basic\">Ingl\u00eas<\/div><\/div><div id=\"b-nszptb_m8qi4v3w\" class=\"brxe-divider horizontal\"><div class=\"line\"><\/div><\/div><div id=\"b-zclchj_m8qi4v3w\" class=\"brxe-div\"><div id=\"b-jowjcu_m8qi4v3w\" class=\"brxe-text-basic\">205 horas<\/div><\/div><\/div><div id=\"b-drpoys_m8qi4v3w\" class=\"brxe-block info-disciplina\"><div id=\"b-zzwohp_m8qi4v3w\" class=\"brxe-div\"><i id=\"b-rltaad_m8qi4v3w\" class=\"fas fa-book-open brxe-icon\"><\/i><div id=\"b-qqtvhc_m8qi4v3w\" class=\"brxe-text-basic\">CGD &#8211; Cultura Gr\u00e1fica e Digital<\/div><\/div><div id=\"b-bysgco_m8qi4v3w\" class=\"brxe-divider horizontal\"><div class=\"line\"><\/div><\/div><div id=\"b-ziwvdv_m8qi4v3w\" class=\"brxe-div\"><div id=\"b-gpqejh_m8qi4v3w\" class=\"brxe-text-basic\">150 horas<\/div><\/div><\/div><div id=\"b-hoaebf_m8qi4v3w\" class=\"brxe-block info-disciplina\"><div id=\"b-kesjyc_m8qi4v3w\" class=\"brxe-div\"><i id=\"b-ghdabg_m8qi4v3w\" class=\"fas fa-book-open brxe-icon\"><\/i><div id=\"b-yvxgoa_m8qi4v3w\" class=\"brxe-text-basic\">\u00c1rea de Integra\u00e7\u00e3o<\/div><\/div><div id=\"b-vpvgci_m8qi4v3w\" class=\"brxe-divider horizontal\"><div class=\"line\"><\/div><\/div><div id=\"b-ppnwgd_m8qi4v3w\" class=\"brxe-div\"><div id=\"b-dkcdhf_m8qi4v3w\" class=\"brxe-text-basic\">220 horas<\/div><\/div><\/div><div id=\"b-vjtqbv_m8qi4v3w\" class=\"brxe-block info-disciplina\"><div id=\"b-ceibft_m8qi4v3w\" class=\"brxe-div\"><i id=\"b-khshjj_m8qi4v3w\" class=\"fas fa-book-open brxe-icon\"><\/i><div id=\"b-wjitxs_m8qi4v3w\" class=\"brxe-text-basic\">Educa\u00e7\u00e3o F\u00edsica<\/div><\/div><div id=\"b-qstuzm_m8qi4v3w\" class=\"brxe-divider horizontal\"><div class=\"line\"><\/div><\/div><div id=\"b-mkvriw_m8qi4v3w\" class=\"brxe-div\"><div id=\"b-rsxsap_m8qi4v3w\" class=\"brxe-text-basic\">135 horas<\/div><\/div><\/div><div id=\"b-chhuvc_m8qi4v3w\" class=\"brxe-block info-disciplina\"><div id=\"b-fnthrp_m8qi4v3w\" class=\"brxe-div\"><i id=\"b-sxahbv_m8qi4v3w\" class=\"fas fa-clock brxe-icon\"><\/i><div id=\"b-jvizdv_m8qi4v3w\" class=\"brxe-text-basic\">Subtotal<\/div><\/div><div id=\"b-pnuqmq_m8qi4v3w\" class=\"brxe-divider horizontal\"><div class=\"line\"><\/div><\/div><div id=\"b-kchowg_m8qi4v3w\" class=\"brxe-div\"><div id=\"b-pdzdzm_m8qi4v3w\" class=\"brxe-text-basic\">1000 horas<\/div><\/div><\/div><\/div><\/div>\n\n<div id=\"b-ockitz_m8r9swiw\" class=\"brxe-container\"><div id=\"b-hmeuqk_m8r9swiw\" class=\"brxe-container\"><div id=\"brxe-eozlgu\" class=\"brxe-block\"><div id=\"b-lczvsr_m8r9swiw\" class=\"brxe-text-basic\">Componente de forma\u00e7\u00e3o cient\u00edfica<\/div><\/div><div id=\"b-peyczf_m8r9swiw\" class=\"brxe-block info-disciplina\"><div id=\"b-hdmkfp_m8r9swiw\" class=\"brxe-div\"><i id=\"b-jlfmwr_m8r9swiw\" class=\"fas fa-book-open brxe-icon\"><\/i><div id=\"b-nfgdxi_m8r9swiw\" class=\"brxe-text-basic\">Matem\u00e1tica<\/div><\/div><div id=\"b-wkdtiz_m8r9swiw\" class=\"brxe-divider horizontal\"><div class=\"line\"><\/div><\/div><div id=\"b-bvtlrw_m8r9swiw\" class=\"brxe-div\"><div id=\"b-opocas_m8r9swiw\" class=\"brxe-text-basic\">100 horas<\/div><\/div><\/div><div id=\"b-pyqosq_m8r9swiw\" class=\"brxe-block info-disciplina\"><div id=\"b-nyamlr_m8r9swiw\" class=\"brxe-div\"><i id=\"b-ffoqkn_m8r9swiw\" class=\"fas fa-book-open brxe-icon\"><\/i><div id=\"b-arcech_m8r9swiw\" class=\"brxe-text-basic\">Psicologia<\/div><\/div><div id=\"b-nszptb_m8r9swiw\" class=\"brxe-divider horizontal\"><div class=\"line\"><\/div><\/div><div id=\"b-zclchj_m8r9swiw\" class=\"brxe-div\"><div id=\"b-jowjcu_m8r9swiw\" class=\"brxe-text-basic\">200 horas<\/div><\/div><\/div><div id=\"b-drpoys_m8r9swiw\" class=\"brxe-block info-disciplina\"><div id=\"b-zzwohp_m8r9swiw\" class=\"brxe-div\"><i id=\"b-rltaad_m8r9swiw\" class=\"fas fa-book-open brxe-icon\"><\/i><div id=\"b-qqtvhc_m8r9swiw\" class=\"brxe-text-basic\">Sociologia<\/div><\/div><div id=\"b-bysgco_m8r9swiw\" class=\"brxe-divider horizontal\"><div class=\"line\"><\/div><\/div><div id=\"b-ziwvdv_m8r9swiw\" class=\"brxe-div\"><div id=\"b-gpqejh_m8r9swiw\" class=\"brxe-text-basic\">200 horas<\/div><\/div><\/div><div id=\"b-chhuvc_m8r9swiw\" class=\"brxe-block info-disciplina\"><div id=\"b-fnthrp_m8r9swiw\" class=\"brxe-div\"><i id=\"b-sxahbv_m8r9swiw\" class=\"fas fa-clock brxe-icon\"><\/i><div id=\"b-jvizdv_m8r9swiw\" class=\"brxe-text-basic\">Subtotal<\/div><\/div><div id=\"b-pnuqmq_m8r9swiw\" class=\"brxe-divider horizontal\"><div class=\"line\"><\/div><\/div><div id=\"b-kchowg_m8r9swiw\" class=\"brxe-div\"><div id=\"b-pdzdzm_m8r9swiw\" class=\"brxe-text-basic\">500 horas<\/div><\/div><\/div><\/div><\/div>\n\n<div id=\"b-ockitz_m8r9yo9t\" class=\"brxe-container\"><div id=\"b-hmeuqk_m8r9yo9t\" class=\"brxe-container\"><div id=\"brxe-eozlgu\" class=\"brxe-block\"><div id=\"b-lczvsr_m8r9yo9t\" class=\"brxe-text-basic\">Componente de forma\u00e7\u00e3o t\u00e9cnica<\/div><\/div><div id=\"b-peyczf_m8r9yo9t\" class=\"brxe-block info-disciplina\"><div id=\"b-hdmkfp_m8r9yo9t\" class=\"brxe-div\"><i id=\"b-jlfmwr_m8r9yo9t\" class=\"fas fa-book-open brxe-icon\"><\/i><div id=\"b-nfgdxi_m8r9yo9t\" class=\"brxe-text-basic\">Forma\u00e7\u00e3o tecnol\u00f3gica<\/div><\/div><div id=\"b-wkdtiz_m8r9yo9t\" class=\"brxe-divider horizontal\"><div class=\"line\"><\/div><\/div><div id=\"b-bvtlrw_m8r9yo9t\" class=\"brxe-div\"><div id=\"b-opocas_m8r9yo9t\" class=\"brxe-text-basic\">1225 horas<\/div><\/div><\/div><\/div><\/div>\n\n<div id=\"b-ockitz_m8ra0scr\" class=\"brxe-container\"><div id=\"b-hmeuqk_m8ra0scr\" class=\"brxe-container\"><div id=\"brxe-eozlgu\" class=\"brxe-block\"><div id=\"b-lczvsr_m8ra0scr\" class=\"brxe-text-basic\"><strong>Forma\u00e7\u00e3o pr\u00e1tica em contexto de trabalho<\/strong><\/div><\/div><div id=\"b-peyczf_m8ra0scr\" class=\"brxe-block info-disciplina\"><div id=\"b-hdmkfp_m8ra0scr\" class=\"brxe-div\"><i id=\"b-jlfmwr_m8ra0scr\" class=\"fas fa-book-open brxe-icon\"><\/i><div id=\"b-nfgdxi_m8ra0scr\" class=\"brxe-text-basic\">Forma\u00e7\u00e3o pratica em contexto de trabalho<\/div><\/div><div id=\"b-wkdtiz_m8ra0scr\" class=\"brxe-divider horizontal\"><div class=\"line\"><\/div><\/div><div id=\"b-bvtlrw_m8ra0scr\" class=\"brxe-div\"><div id=\"b-opocas_m8ra0scr\" class=\"brxe-text-basic\">620 horas<\/div><\/div><\/div><a id=\"b-sgujky_m8ra0scr\" class=\"brxe-button btn-base bricks-button\" href=\"https:\/\/www.epav.pt\/epav\/matricula_online\/\"><span data-gbrx-id=\"gb-sgujky\" data-gbrx-subfield=\"text\" >Inscreve-te j\u00e1!<\/span><\/a><\/div><\/div><\/div><\/div>\n","protected":false},"excerpt":{"rendered":"<p>Perfil de Sa\u00edda Atividades Principais<\/p>\n","protected":false},"featured_media":11582,"template":"","categoria-curso":[24,12],"class_list":["post-8518","cursos","type-cursos","status-publish","has-post-thumbnail","hentry","categoria-curso-cursos-profissionais-polo-sintra","categoria-curso-polo-sintra"],"acpt":{"meta":[{"meta_box":"grupos-cursos","meta_fields":[{"name":"total-de-horas","type":"Text","options":[],"value":"3345","default":"","required":false,"showInAdmin":false,"advancedOptions":{"1":{"id":"64a075b4-2b6b-4d57-a0bf-88ecd92af0f4","boxId":"93af2129-723c-46a5-a5f6-7f6593f8263e","fieldId":"8b542470-e017-4998-81ad-7a000736efc6","key":"headline","value":"top"},"2":{"id":"ef98d57e-eb9a-40a5-9188-cc66953307c3","boxId":"93af2129-723c-46a5-a5f6-7f6593f8263e","fieldId":"8b542470-e017-4998-81ad-7a000736efc6","key":"width","value":"50"},"6":{"id":"a3ba8b19-85fa-46cd-959e-5af7c5683c06","boxId":"93af2129-723c-46a5-a5f6-7f6593f8263e","fieldId":"8b542470-e017-4998-81ad-7a000736efc6","key":"before","value":""},"7":{"id":"af9e45be-6178-43b7-9c37-530565bbec43","boxId":"93af2129-723c-46a5-a5f6-7f6593f8263e","fieldId":"8b542470-e017-4998-81ad-7a000736efc6","key":"after","value":""},"8":{"id":"a1a208b4-4572-4ea9-a214-67ce74f8cb7e","boxId":"93af2129-723c-46a5-a5f6-7f6593f8263e","fieldId":"8b542470-e017-4998-81ad-7a000736efc6","key":"min","value":""},"9":{"id":"5ec8686b-5e68-467f-a148-24144bc6baff","boxId":"93af2129-723c-46a5-a5f6-7f6593f8263e","fieldId":"8b542470-e017-4998-81ad-7a000736efc6","key":"max","value":""},"10":{"id":"e2f367ea-ee10-4169-b464-71bdbfe9c6c4","boxId":"93af2129-723c-46a5-a5f6-7f6593f8263e","fieldId":"8b542470-e017-4998-81ad-7a000736efc6","key":"step","value":""},"11":{"id":"d268ff96-d8d9-49b1-8b2a-328ec942e715","boxId":"93af2129-723c-46a5-a5f6-7f6593f8263e","fieldId":"8b542470-e017-4998-81ad-7a000736efc6","key":"pattern","value":""},"18":{"id":"b3f34d52-a28a-47ed-8ea2-57200f8cab70","boxId":"93af2129-723c-46a5-a5f6-7f6593f8263e","fieldId":"8b542470-e017-4998-81ad-7a000736efc6","key":"css","value":""},"29":{"id":"8bfdcfa7-14f9-482a-ac9e-d69510334681","boxId":"93af2129-723c-46a5-a5f6-7f6593f8263e","fieldId":"8b542470-e017-4998-81ad-7a000736efc6","key":"vertical_alignment","value":"center"}}},{"name":"certificado","type":"Text","options":[],"value":"T\u00e9cnico","default":"","required":false,"showInAdmin":false,"advancedOptions":{"1":{"id":"c6ad7325-d7b0-4389-b07b-c815b317d9e2","boxId":"93af2129-723c-46a5-a5f6-7f6593f8263e","fieldId":"547098ad-b4e4-4883-b980-92880e80ced7","key":"headline","value":"top"},"2":{"id":"5f0468f9-d0e8-4b04-a99e-e8d87505623f","boxId":"93af2129-723c-46a5-a5f6-7f6593f8263e","fieldId":"547098ad-b4e4-4883-b980-92880e80ced7","key":"width","value":"50"},"6":{"id":"9f69e982-ead4-4fa4-94c8-0be001f170fb","boxId":"93af2129-723c-46a5-a5f6-7f6593f8263e","fieldId":"547098ad-b4e4-4883-b980-92880e80ced7","key":"before","value":""},"7":{"id":"713983a4-6474-41b7-a77d-a79beebc66f8","boxId":"93af2129-723c-46a5-a5f6-7f6593f8263e","fieldId":"547098ad-b4e4-4883-b980-92880e80ced7","key":"after","value":""},"8":{"id":"8c9747f5-2314-42d9-9096-4ecab37230a4","boxId":"93af2129-723c-46a5-a5f6-7f6593f8263e","fieldId":"547098ad-b4e4-4883-b980-92880e80ced7","key":"min","value":""},"9":{"id":"cc783c12-f4e8-4cf6-96f4-38ba1f026429","boxId":"93af2129-723c-46a5-a5f6-7f6593f8263e","fieldId":"547098ad-b4e4-4883-b980-92880e80ced7","key":"max","value":""},"10":{"id":"6025e6d3-38c2-494f-babe-488473b656cc","boxId":"93af2129-723c-46a5-a5f6-7f6593f8263e","fieldId":"547098ad-b4e4-4883-b980-92880e80ced7","key":"step","value":""},"11":{"id":"b39eab99-bf75-49be-a8e4-d4624da33ee2","boxId":"93af2129-723c-46a5-a5f6-7f6593f8263e","fieldId":"547098ad-b4e4-4883-b980-92880e80ced7","key":"pattern","value":""},"18":{"id":"75a60b45-b2aa-4bef-a37d-cca5086eed27","boxId":"93af2129-723c-46a5-a5f6-7f6593f8263e","fieldId":"547098ad-b4e4-4883-b980-92880e80ced7","key":"css","value":""},"29":{"id":"117763ef-c8f8-4530-a6f2-c22bf54f5b40","boxId":"93af2129-723c-46a5-a5f6-7f6593f8263e","fieldId":"547098ad-b4e4-4883-b980-92880e80ced7","key":"vertical_alignment","value":"center"}}}]}]},"yoast_head":"<!-- This site is optimized with the Yoast SEO plugin v27.3 - https:\/\/yoast.com\/product\/yoast-seo-wordpress\/ -->\n<title>T\u00e9cnico de Apoio \u00e0 Interven\u00e7\u00e3o Social - EPAV<\/title>\n<meta name=\"robots\" content=\"index, follow, max-snippet:-1, max-image-preview:large, max-video-preview:-1\" \/>\n<link rel=\"canonical\" href=\"https:\/\/www.epav.pt\/epav\/cursos\/tecnico-de-apoio-intervencao-social\/\" \/>\n<meta property=\"og:locale\" content=\"pt_PT\" \/>\n<meta property=\"og:type\" content=\"article\" \/>\n<meta property=\"og:title\" content=\"T\u00e9cnico de Apoio \u00e0 Interven\u00e7\u00e3o Social - EPAV\" \/>\n<meta property=\"og:description\" content=\"Perfil de Sa\u00edda Atividades Principais\" \/>\n<meta property=\"og:url\" content=\"https:\/\/www.epav.pt\/epav\/cursos\/tecnico-de-apoio-intervencao-social\/\" \/>\n<meta property=\"og:site_name\" content=\"EPAV\" \/>\n<meta property=\"article:modified_time\" content=\"2026-04-29T09:01:03+00:00\" \/>\n<meta property=\"og:image\" content=\"https:\/\/www.epav.pt\/epav\/wp-content\/uploads\/2025\/03\/intervencao-social.png\" \/>\n\t<meta property=\"og:image:width\" content=\"1689\" \/>\n\t<meta property=\"og:image:height\" content=\"1689\" \/>\n\t<meta property=\"og:image:type\" content=\"image\/png\" \/>\n<meta name=\"twitter:card\" content=\"summary_large_image\" \/>\n<meta name=\"twitter:label1\" content=\"Tempo estimado de leitura\" \/>\n\t<meta name=\"twitter:data1\" content=\"4 minutos\" \/>\n<script type=\"application\/ld+json\" class=\"yoast-schema-graph\">{\"@context\":\"https:\\\/\\\/schema.org\",\"@graph\":[{\"@type\":\"WebPage\",\"@id\":\"https:\\\/\\\/www.epav.pt\\\/epav\\\/cursos\\\/tecnico-de-apoio-intervencao-social\\\/\",\"url\":\"https:\\\/\\\/www.epav.pt\\\/epav\\\/cursos\\\/tecnico-de-apoio-intervencao-social\\\/\",\"name\":\"T\u00e9cnico de Apoio \u00e0 Interven\u00e7\u00e3o Social - EPAV\",\"isPartOf\":{\"@id\":\"https:\\\/\\\/www.epav.pt\\\/epav\\\/#website\"},\"primaryImageOfPage\":{\"@id\":\"https:\\\/\\\/www.epav.pt\\\/epav\\\/cursos\\\/tecnico-de-apoio-intervencao-social\\\/#primaryimage\"},\"image\":{\"@id\":\"https:\\\/\\\/www.epav.pt\\\/epav\\\/cursos\\\/tecnico-de-apoio-intervencao-social\\\/#primaryimage\"},\"thumbnailUrl\":\"https:\\\/\\\/www.epav.pt\\\/epav\\\/wp-content\\\/uploads\\\/2025\\\/03\\\/intervencao-social.png\",\"datePublished\":\"2025-03-24T20:18:27+00:00\",\"dateModified\":\"2026-04-29T09:01:03+00:00\",\"breadcrumb\":{\"@id\":\"https:\\\/\\\/www.epav.pt\\\/epav\\\/cursos\\\/tecnico-de-apoio-intervencao-social\\\/#breadcrumb\"},\"inLanguage\":\"pt-PT\",\"potentialAction\":[{\"@type\":\"ReadAction\",\"target\":[\"https:\\\/\\\/www.epav.pt\\\/epav\\\/cursos\\\/tecnico-de-apoio-intervencao-social\\\/\"]}]},{\"@type\":\"ImageObject\",\"inLanguage\":\"pt-PT\",\"@id\":\"https:\\\/\\\/www.epav.pt\\\/epav\\\/cursos\\\/tecnico-de-apoio-intervencao-social\\\/#primaryimage\",\"url\":\"https:\\\/\\\/www.epav.pt\\\/epav\\\/wp-content\\\/uploads\\\/2025\\\/03\\\/intervencao-social.png\",\"contentUrl\":\"https:\\\/\\\/www.epav.pt\\\/epav\\\/wp-content\\\/uploads\\\/2025\\\/03\\\/intervencao-social.png\",\"width\":1689,\"height\":1689},{\"@type\":\"BreadcrumbList\",\"@id\":\"https:\\\/\\\/www.epav.pt\\\/epav\\\/cursos\\\/tecnico-de-apoio-intervencao-social\\\/#breadcrumb\",\"itemListElement\":[{\"@type\":\"ListItem\",\"position\":1,\"name\":\"In\u00edcio\",\"item\":\"https:\\\/\\\/www.epav.pt\\\/epav\\\/\"},{\"@type\":\"ListItem\",\"position\":2,\"name\":\"Cursos\",\"item\":\"https:\\\/\\\/www.epav.pt\\\/epav\\\/cursos\\\/\"},{\"@type\":\"ListItem\",\"position\":3,\"name\":\"T\u00e9cnico de Apoio \u00e0 Interven\u00e7\u00e3o Social\"}]},{\"@type\":\"WebSite\",\"@id\":\"https:\\\/\\\/www.epav.pt\\\/epav\\\/#website\",\"url\":\"https:\\\/\\\/www.epav.pt\\\/epav\\\/\",\"name\":\"EPAV\",\"description\":\"Escola Profissional Alda Brand\u00e3o de Vasconcelos\",\"alternateName\":\"Escola Profissional Alda Brand\u00e3o de Vasconcelos\",\"potentialAction\":[{\"@type\":\"SearchAction\",\"target\":{\"@type\":\"EntryPoint\",\"urlTemplate\":\"https:\\\/\\\/www.epav.pt\\\/epav\\\/?s={search_term_string}\"},\"query-input\":{\"@type\":\"PropertyValueSpecification\",\"valueRequired\":true,\"valueName\":\"search_term_string\"}}],\"inLanguage\":\"pt-PT\"}]}<\/script>\n<!-- \/ Yoast SEO plugin. -->","yoast_head_json":{"title":"T\u00e9cnico de Apoio \u00e0 Interven\u00e7\u00e3o Social - EPAV","robots":{"index":"index","follow":"follow","max-snippet":"max-snippet:-1","max-image-preview":"max-image-preview:large","max-video-preview":"max-video-preview:-1"},"canonical":"https:\/\/www.epav.pt\/epav\/cursos\/tecnico-de-apoio-intervencao-social\/","og_locale":"pt_PT","og_type":"article","og_title":"T\u00e9cnico de Apoio \u00e0 Interven\u00e7\u00e3o Social - EPAV","og_description":"Perfil de Sa\u00edda Atividades Principais","og_url":"https:\/\/www.epav.pt\/epav\/cursos\/tecnico-de-apoio-intervencao-social\/","og_site_name":"EPAV","article_modified_time":"2026-04-29T09:01:03+00:00","og_image":[{"width":1689,"height":1689,"url":"https:\/\/www.epav.pt\/epav\/wp-content\/uploads\/2025\/03\/intervencao-social.png","type":"image\/png"}],"twitter_card":"summary_large_image","twitter_misc":{"Tempo estimado de leitura":"4 minutos"},"schema":{"@context":"https:\/\/schema.org","@graph":[{"@type":"WebPage","@id":"https:\/\/www.epav.pt\/epav\/cursos\/tecnico-de-apoio-intervencao-social\/","url":"https:\/\/www.epav.pt\/epav\/cursos\/tecnico-de-apoio-intervencao-social\/","name":"T\u00e9cnico de Apoio \u00e0 Interven\u00e7\u00e3o Social - EPAV","isPartOf":{"@id":"https:\/\/www.epav.pt\/epav\/#website"},"primaryImageOfPage":{"@id":"https:\/\/www.epav.pt\/epav\/cursos\/tecnico-de-apoio-intervencao-social\/#primaryimage"},"image":{"@id":"https:\/\/www.epav.pt\/epav\/cursos\/tecnico-de-apoio-intervencao-social\/#primaryimage"},"thumbnailUrl":"https:\/\/www.epav.pt\/epav\/wp-content\/uploads\/2025\/03\/intervencao-social.png","datePublished":"2025-03-24T20:18:27+00:00","dateModified":"2026-04-29T09:01:03+00:00","breadcrumb":{"@id":"https:\/\/www.epav.pt\/epav\/cursos\/tecnico-de-apoio-intervencao-social\/#breadcrumb"},"inLanguage":"pt-PT","potentialAction":[{"@type":"ReadAction","target":["https:\/\/www.epav.pt\/epav\/cursos\/tecnico-de-apoio-intervencao-social\/"]}]},{"@type":"ImageObject","inLanguage":"pt-PT","@id":"https:\/\/www.epav.pt\/epav\/cursos\/tecnico-de-apoio-intervencao-social\/#primaryimage","url":"https:\/\/www.epav.pt\/epav\/wp-content\/uploads\/2025\/03\/intervencao-social.png","contentUrl":"https:\/\/www.epav.pt\/epav\/wp-content\/uploads\/2025\/03\/intervencao-social.png","width":1689,"height":1689},{"@type":"BreadcrumbList","@id":"https:\/\/www.epav.pt\/epav\/cursos\/tecnico-de-apoio-intervencao-social\/#breadcrumb","itemListElement":[{"@type":"ListItem","position":1,"name":"In\u00edcio","item":"https:\/\/www.epav.pt\/epav\/"},{"@type":"ListItem","position":2,"name":"Cursos","item":"https:\/\/www.epav.pt\/epav\/cursos\/"},{"@type":"ListItem","position":3,"name":"T\u00e9cnico de Apoio \u00e0 Interven\u00e7\u00e3o Social"}]},{"@type":"WebSite","@id":"https:\/\/www.epav.pt\/epav\/#website","url":"https:\/\/www.epav.pt\/epav\/","name":"EPAV","description":"Escola Profissional Alda Brand\u00e3o de Vasconcelos","alternateName":"Escola Profissional Alda Brand\u00e3o de Vasconcelos","potentialAction":[{"@type":"SearchAction","target":{"@type":"EntryPoint","urlTemplate":"https:\/\/www.epav.pt\/epav\/?s={search_term_string}"},"query-input":{"@type":"PropertyValueSpecification","valueRequired":true,"valueName":"search_term_string"}}],"inLanguage":"pt-PT"}]}},"_links":{"self":[{"href":"https:\/\/www.epav.pt\/epav\/wp-json\/wp\/v2\/cursos\/8518","targetHints":{"allow":["GET"]}}],"collection":[{"href":"https:\/\/www.epav.pt\/epav\/wp-json\/wp\/v2\/cursos"}],"about":[{"href":"https:\/\/www.epav.pt\/epav\/wp-json\/wp\/v2\/types\/cursos"}],"wp:featuredmedia":[{"embeddable":true,"href":"https:\/\/www.epav.pt\/epav\/wp-json\/wp\/v2\/media\/11582"}],"wp:attachment":[{"href":"https:\/\/www.epav.pt\/epav\/wp-json\/wp\/v2\/media?parent=8518"}],"wp:term":[{"taxonomy":"categoria-curso","embeddable":true,"href":"https:\/\/www.epav.pt\/epav\/wp-json\/wp\/v2\/categoria-curso?post=8518"}],"curies":[{"name":"wp","href":"https:\/\/api.w.org\/{rel}","templated":true}]}}